{"id":12176,"date":"2019-12-12T13:25:51","date_gmt":"2019-12-12T13:25:51","guid":{"rendered":"http:\/\/peifibrefestival.com\/sponsors\/"},"modified":"2024-08-07T14:47:18","modified_gmt":"2024-08-07T17:47:18","slug":"sponsors","status":"publish","type":"page","link":"https:\/\/peifibrefestival.com\/fr\/sponsors\/","title":{"rendered":"Commanditaires"},"content":{"rendered":"\n<p class=\"wp-block-paragraph\">Le Festival des fibres textiles de l\u2019\u00ce.-P.-\u00c9. ne serait pas possible sans le pr\u00e9cieux soutien de nos partenaires de financement et de nos commanditaires. Veuillez communiquer avec Bob Andrews pour en savoir davantage sur la possibilit\u00e9 de devenir commanditaire.<\/p>\n\n<hr class=\"wp-block-separator aligncenter has-alpha-channel-opacity has-xl-margin-top has-xl-margin-bottom\"\/>\n\n<div class=\"wp-block-columns is-layout-flex wp-container-core-columns-is-layout-8f761849 wp-block-columns-is-layout-flex\">\n<div class=\"wp-block-column is-layout-flow wp-block-column-is-layout-flow\">\n<figure class=\"wp-block-image size-full no-border-bottom\"><img loading=\"lazy\" decoding=\"async\" width=\"300\" height=\"200\" src=\"http:\/\/peifibrefestival.com\/wp-content\/uploads\/2022\/05\/PEI-Logo-wCanada.jpg\" alt=\"\" class=\"wp-image-6727\"\/><\/figure>\n<\/div>\n\n\n\n<div class=\"wp-block-column is-layout-flow wp-block-column-is-layout-flow\">\n<figure class=\"wp-block-image size-full no-border-bottom\"><img loading=\"lazy\" decoding=\"async\" width=\"300\" height=\"200\" src=\"http:\/\/peifibrefestival.com\/wp-content\/uploads\/2024\/06\/SERF.jpg\" alt=\"\" class=\"wp-image-12055\"\/><\/figure>\n<\/div>\n\n\n\n<div class=\"wp-block-column is-layout-flow wp-block-column-is-layout-flow\">\n<figure class=\"wp-block-image size-full no-border-bottom\"><a href=\"https:\/\/briggsandlittle.com\/\" target=\"_blank\" rel=\"noreferrer noopener\"><img decoding=\"async\" src=\"http:\/\/peifibrefestival.com\/wp-content\/uploads\/2024\/02\/briggs-and-little-logo-002.jpg\" alt=\"\" class=\"wp-image-11472\"\/><\/a><\/figure>\n<\/div>\n\n\n\n<div class=\"wp-block-column is-layout-flow wp-block-column-is-layout-flow\"><div class=\"wp-block-image no-border-bottom\">\n<figure class=\"aligncenter size-full\"><a href=\"https:\/\/greengablealpacas.com\/\" target=\"_blank\" rel=\"noopener\"><img loading=\"lazy\" decoding=\"async\" width=\"300\" height=\"200\" src=\"http:\/\/peifibrefestival.com\/wp-content\/uploads\/2022\/05\/GGA-logo-main-col.jpg\" alt=\"\" class=\"wp-image-6692\"\/><\/a><\/figure>\n<\/div><\/div>\n<\/div>\n\n<div style=\"height:75px\" aria-hidden=\"true\" class=\"wp-block-spacer\"><\/div>\n\n<div class=\"wp-block-columns is-layout-flex wp-container-core-columns-is-layout-8f761849 wp-block-columns-is-layout-flex\">\n<div class=\"wp-block-column is-layout-flow wp-block-column-is-layout-flow\">\n<figure class=\"wp-block-gallery aligncenter has-nested-images columns-default is-cropped wp-block-gallery-1 is-layout-flex wp-block-gallery-is-layout-flex\">\n<figure class=\"wp-block-image size-full no-border-bottom\"><img loading=\"lazy\" decoding=\"async\" width=\"300\" height=\"200\" data-id=\"3736\" src=\"http:\/\/peifibrefestival.com\/wp-content\/uploads\/2022\/02\/PEIFF-Logo.png\" alt=\"Fleece &amp; Harmony, Belfast, PEI\" class=\"wp-image-3736\"\/><\/figure>\n<\/figure>\n<\/div>\n\n\n\n<div class=\"wp-block-column is-layout-flow wp-block-column-is-layout-flow\">\n<figure class=\"wp-block-image size-large is-resized no-border-bottom\"><a href=\"https:\/\/www.islandhillfarm.ca\/\" target=\"_blank\" rel=\"noreferrer noopener\"><img loading=\"lazy\" decoding=\"async\" width=\"300\" height=\"200\" src=\"http:\/\/peifibrefestival.com\/wp-content\/uploads\/2024\/02\/IslandHillFarmLogo.jpg\" alt=\"\" class=\"wp-image-11475\" style=\"width:300px\"\/><\/a><\/figure>\n<\/div>\n\n\n\n<div class=\"wp-block-column is-layout-flow wp-block-column-is-layout-flow\"><div class=\"wp-block-image no-border-bottom\">\n<figure class=\"aligncenter size-full\"><img decoding=\"async\" src=\"http:\/\/peifibrefestival.com\/wp-content\/uploads\/2024\/03\/square-logo-yygdp-1.png\" alt=\"\" class=\"wp-image-11780\"\/><\/figure>\n<\/div><\/div>\n\n\n\n<div class=\"wp-block-column is-layout-flow wp-block-column-is-layout-flow\"><div class=\"wp-block-image no-border-bottom\">\n<figure class=\"aligncenter size-full\"><a href=\"https:\/\/technomediapei.com\" target=\"_blank\" rel=\"noopener\"><img loading=\"lazy\" decoding=\"async\" width=\"300\" height=\"200\" src=\"http:\/\/peifibrefestival.com\/wp-content\/uploads\/2022\/05\/TechnoMedia.jpg\" alt=\"\" class=\"wp-image-6697\"\/><\/a><\/figure>\n<\/div><\/div>\n<\/div>\n\n<div style=\"height:25px\" aria-hidden=\"true\" class=\"wp-block-spacer\"><\/div>\n\n<div class=\"wp-block-columns is-layout-flex wp-container-core-columns-is-layout-8f761849 wp-block-columns-is-layout-flex\">\n<div class=\"wp-block-column is-layout-flow wp-block-column-is-layout-flow\"><\/div>\n\n\n\n<div class=\"wp-block-column is-layout-flow wp-block-column-is-layout-flow\"><\/div>\n\n\n\n<div class=\"wp-block-column is-layout-flow wp-block-column-is-layout-flow\"><\/div>\n<\/div>\n","protected":false},"excerpt":{"rendered":"<p>Le Festival des fibres textiles de l\u2019\u00ce.-P.-\u00c9. ne serait pas possible sans le pr\u00e9cieux soutien de nos partenaires de financement et de nos commanditaires. Veuillez communiquer avec Bob Andrews pour en savoir davantage sur la possibilit\u00e9 de devenir commanditaire.<\/p>\n","protected":false},"author":1,"featured_media":0,"parent":0,"menu_order":0,"comment_status":"closed","ping_status":"closed","template":"","meta":{"_acf_changed":false,"_genesis_hide_title":false,"_genesis_hide_breadcrumbs":false,"_genesis_hide_singular_image":false,"_genesis_hide_footer_widgets":false,"_genesis_custom_body_class":"","_genesis_custom_post_class":"","_genesis_layout":"wide-content","footnotes":""},"class_list":["page","type-page","entry"],"yoast_head":"<!-- This site is optimized with the Yoast SEO Premium plugin v28.3 (Yoast SEO v28.4) - https:\/\/yoast.com\/product\/yoast-seo-premium-wordpress\/ -->\n<title>Commanditaires - PEI Fibre Festival<\/title>\n<meta name=\"robots\" content=\"index, follow, max-snippet:-1, max-image-preview:large, max-video-preview:-1\" \/>\n<link rel=\"canonical\" href=\"http:\/\/peifibrefestival.com\/fr\/sponsors\/\" \/>\n<meta property=\"og:locale\" content=\"fr_FR\" \/>\n<meta property=\"og:type\" content=\"article\" \/>\n<meta property=\"og:title\" content=\"Commanditaires\" \/>\n<meta property=\"og:description\" content=\"Le Festival des fibres textiles de l\u2019\u00ce.-P.-\u00c9. ne serait pas possible sans le pr\u00e9cieux soutien de nos partenaires de financement et de nos commanditaires. Veuillez communiquer avec Bob Andrews pour en savoir davantage sur la possibilit\u00e9 de devenir commanditaire.\" \/>\n<meta property=\"og:url\" content=\"http:\/\/peifibrefestival.com\/fr\/sponsors\/\" \/>\n<meta property=\"og:site_name\" content=\"PEI Fibre Festival\" \/>\n<meta property=\"article:publisher\" content=\"https:\/\/www.facebook.com\/fibrefestival.pei\" \/>\n<meta property=\"article:modified_time\" content=\"2024-08-07T17:47:18+00:00\" \/>\n<meta property=\"og:image\" content=\"http:\/\/peifibrefestival.com\/wp-content\/uploads\/2022\/05\/PEI-Logo-wCanada.jpg\" \/>\n<meta name=\"twitter:card\" content=\"summary_large_image\" \/>\n<meta name=\"twitter:label1\" content=\"Dur\u00e9e de lecture estim\u00e9e\" \/>\n\t<meta name=\"twitter:data1\" content=\"2 minutes\" \/>\n<script type=\"application\/ld+json\" class=\"yoast-schema-graph\">{\"@context\":\"https:\\\/\\\/schema.org\",\"@graph\":[{\"@type\":\"WebPage\",\"@id\":\"http:\\\/\\\/peifibrefestival.com\\\/fr\\\/sponsors\\\/\",\"url\":\"http:\\\/\\\/peifibrefestival.com\\\/fr\\\/sponsors\\\/\",\"name\":\"Commanditaires - PEI Fibre Festival\",\"isPartOf\":{\"@id\":\"https:\\\/\\\/peifibrefestival.com\\\/#website\"},\"primaryImageOfPage\":{\"@id\":\"http:\\\/\\\/peifibrefestival.com\\\/fr\\\/sponsors\\\/#primaryimage\"},\"image\":{\"@id\":\"http:\\\/\\\/peifibrefestival.com\\\/fr\\\/sponsors\\\/#primaryimage\"},\"thumbnailUrl\":\"http:\\\/\\\/peifibrefestival.com\\\/wp-content\\\/uploads\\\/2022\\\/05\\\/PEI-Logo-wCanada.jpg\",\"datePublished\":\"2019-12-12T13:25:51+00:00\",\"dateModified\":\"2024-08-07T17:47:18+00:00\",\"breadcrumb\":{\"@id\":\"http:\\\/\\\/peifibrefestival.com\\\/fr\\\/sponsors\\\/#breadcrumb\"},\"inLanguage\":\"fr-FR\",\"potentialAction\":[{\"@type\":\"ReadAction\",\"target\":[\"http:\\\/\\\/peifibrefestival.com\\\/fr\\\/sponsors\\\/\"]}]},{\"@type\":\"ImageObject\",\"inLanguage\":\"fr-FR\",\"@id\":\"http:\\\/\\\/peifibrefestival.com\\\/fr\\\/sponsors\\\/#primaryimage\",\"url\":\"http:\\\/\\\/peifibrefestival.com\\\/wp-content\\\/uploads\\\/2022\\\/05\\\/PEI-Logo-wCanada.jpg\",\"contentUrl\":\"http:\\\/\\\/peifibrefestival.com\\\/wp-content\\\/uploads\\\/2022\\\/05\\\/PEI-Logo-wCanada.jpg\"},{\"@type\":\"BreadcrumbList\",\"@id\":\"http:\\\/\\\/peifibrefestival.com\\\/fr\\\/sponsors\\\/#breadcrumb\",\"itemListElement\":[{\"@type\":\"ListItem\",\"position\":1,\"name\":\"Home\",\"item\":\"https:\\\/\\\/peifibrefestival.com\\\/fr\\\/\"},{\"@type\":\"ListItem\",\"position\":2,\"name\":\"Commanditaires\"}]},{\"@type\":\"WebSite\",\"@id\":\"https:\\\/\\\/peifibrefestival.com\\\/#website\",\"url\":\"https:\\\/\\\/peifibrefestival.com\\\/\",\"name\":\"PEI Fibre Festival\",\"description\":\"October 1-3, 2026\",\"publisher\":{\"@id\":\"https:\\\/\\\/peifibrefestival.com\\\/#organization\"},\"potentialAction\":[{\"@type\":\"SearchAction\",\"target\":{\"@type\":\"EntryPoint\",\"urlTemplate\":\"https:\\\/\\\/peifibrefestival.com\\\/?s={search_term_string}\"},\"query-input\":{\"@type\":\"PropertyValueSpecification\",\"valueRequired\":true,\"valueName\":\"search_term_string\"}}],\"inLanguage\":\"fr-FR\"},{\"@type\":[\"Organization\",\"Place\"],\"@id\":\"https:\\\/\\\/peifibrefestival.com\\\/#organization\",\"name\":\"PEI Fibre Festival\",\"url\":\"https:\\\/\\\/peifibrefestival.com\\\/\",\"logo\":{\"@id\":\"http:\\\/\\\/peifibrefestival.com\\\/fr\\\/sponsors\\\/#local-main-organization-logo\"},\"image\":{\"@id\":\"http:\\\/\\\/peifibrefestival.com\\\/fr\\\/sponsors\\\/#local-main-organization-logo\"},\"sameAs\":[\"https:\\\/\\\/www.facebook.com\\\/fibrefestival.pei\",\"https:\\\/\\\/www.instagram.com\\\/fibrefestival.pei\\\/\"],\"legalName\":\"PEI Fibre Festival\",\"telephone\":[],\"openingHoursSpecification\":[{\"@type\":\"OpeningHoursSpecification\",\"dayOfWeek\":[\"Monday\",\"Tuesday\",\"Wednesday\",\"Thursday\",\"Friday\",\"Saturday\",\"Sunday\"],\"opens\":\"09:00\",\"closes\":\"17:00\"}]},{\"@type\":\"ImageObject\",\"inLanguage\":\"fr-FR\",\"@id\":\"http:\\\/\\\/peifibrefestival.com\\\/fr\\\/sponsors\\\/#local-main-organization-logo\",\"url\":\"https:\\\/\\\/peifibrefestival.com\\\/wp-content\\\/uploads\\\/2019\\\/12\\\/PEI-Fibre-Festival-Logo-Horiz.png\",\"contentUrl\":\"https:\\\/\\\/peifibrefestival.com\\\/wp-content\\\/uploads\\\/2019\\\/12\\\/PEI-Fibre-Festival-Logo-Horiz.png\",\"width\":180,\"height\":102,\"caption\":\"PEI Fibre Festival\"}]}<\/script>\n<!-- \/ Yoast SEO Premium plugin. -->","yoast_head_json":{"title":"Commanditaires - PEI Fibre Festival","robots":{"index":"index","follow":"follow","max-snippet":"max-snippet:-1","max-image-preview":"max-image-preview:large","max-video-preview":"max-video-preview:-1"},"canonical":"http:\/\/peifibrefestival.com\/fr\/sponsors\/","og_locale":"fr_FR","og_type":"article","og_title":"Commanditaires","og_description":"Le Festival des fibres textiles de l\u2019\u00ce.-P.-\u00c9. ne serait pas possible sans le pr\u00e9cieux soutien de nos partenaires de financement et de nos commanditaires. Veuillez communiquer avec Bob Andrews pour en savoir davantage sur la possibilit\u00e9 de devenir commanditaire.","og_url":"http:\/\/peifibrefestival.com\/fr\/sponsors\/","og_site_name":"PEI Fibre Festival","article_publisher":"https:\/\/www.facebook.com\/fibrefestival.pei","article_modified_time":"2024-08-07T17:47:18+00:00","og_image":[{"url":"http:\/\/peifibrefestival.com\/wp-content\/uploads\/2022\/05\/PEI-Logo-wCanada.jpg","type":"","width":"","height":""}],"twitter_card":"summary_large_image","twitter_misc":{"Dur\u00e9e de lecture estim\u00e9e":"2 minutes"},"schema":{"@context":"https:\/\/schema.org","@graph":[{"@type":"WebPage","@id":"http:\/\/peifibrefestival.com\/fr\/sponsors\/","url":"http:\/\/peifibrefestival.com\/fr\/sponsors\/","name":"Commanditaires - PEI Fibre Festival","isPartOf":{"@id":"https:\/\/peifibrefestival.com\/#website"},"primaryImageOfPage":{"@id":"http:\/\/peifibrefestival.com\/fr\/sponsors\/#primaryimage"},"image":{"@id":"http:\/\/peifibrefestival.com\/fr\/sponsors\/#primaryimage"},"thumbnailUrl":"http:\/\/peifibrefestival.com\/wp-content\/uploads\/2022\/05\/PEI-Logo-wCanada.jpg","datePublished":"2019-12-12T13:25:51+00:00","dateModified":"2024-08-07T17:47:18+00:00","breadcrumb":{"@id":"http:\/\/peifibrefestival.com\/fr\/sponsors\/#breadcrumb"},"inLanguage":"fr-FR","potentialAction":[{"@type":"ReadAction","target":["http:\/\/peifibrefestival.com\/fr\/sponsors\/"]}]},{"@type":"ImageObject","inLanguage":"fr-FR","@id":"http:\/\/peifibrefestival.com\/fr\/sponsors\/#primaryimage","url":"http:\/\/peifibrefestival.com\/wp-content\/uploads\/2022\/05\/PEI-Logo-wCanada.jpg","contentUrl":"http:\/\/peifibrefestival.com\/wp-content\/uploads\/2022\/05\/PEI-Logo-wCanada.jpg"},{"@type":"BreadcrumbList","@id":"http:\/\/peifibrefestival.com\/fr\/sponsors\/#breadcrumb","itemListElement":[{"@type":"ListItem","position":1,"name":"Home","item":"https:\/\/peifibrefestival.com\/fr\/"},{"@type":"ListItem","position":2,"name":"Commanditaires"}]},{"@type":"WebSite","@id":"https:\/\/peifibrefestival.com\/#website","url":"https:\/\/peifibrefestival.com\/","name":"PEI Fibre Festival","description":"October 1-3, 2026","publisher":{"@id":"https:\/\/peifibrefestival.com\/#organization"},"potentialAction":[{"@type":"SearchAction","target":{"@type":"EntryPoint","urlTemplate":"https:\/\/peifibrefestival.com\/?s={search_term_string}"},"query-input":{"@type":"PropertyValueSpecification","valueRequired":true,"valueName":"search_term_string"}}],"inLanguage":"fr-FR"},{"@type":["Organization","Place"],"@id":"https:\/\/peifibrefestival.com\/#organization","name":"PEI Fibre Festival","url":"https:\/\/peifibrefestival.com\/","logo":{"@id":"http:\/\/peifibrefestival.com\/fr\/sponsors\/#local-main-organization-logo"},"image":{"@id":"http:\/\/peifibrefestival.com\/fr\/sponsors\/#local-main-organization-logo"},"sameAs":["https:\/\/www.facebook.com\/fibrefestival.pei","https:\/\/www.instagram.com\/fibrefestival.pei\/"],"legalName":"PEI Fibre Festival","telephone":[],"openingHoursSpecification":[{"@type":"OpeningHoursSpecification","dayOfWeek":["Monday","Tuesday","Wednesday","Thursday","Friday","Saturday","Sunday"],"opens":"09:00","closes":"17:00"}]},{"@type":"ImageObject","inLanguage":"fr-FR","@id":"http:\/\/peifibrefestival.com\/fr\/sponsors\/#local-main-organization-logo","url":"https:\/\/peifibrefestival.com\/wp-content\/uploads\/2019\/12\/PEI-Fibre-Festival-Logo-Horiz.png","contentUrl":"https:\/\/peifibrefestival.com\/wp-content\/uploads\/2019\/12\/PEI-Fibre-Festival-Logo-Horiz.png","width":180,"height":102,"caption":"PEI Fibre Festival"}]}},"acf":[],"_links":{"self":[{"href":"https:\/\/peifibrefestival.com\/fr\/wp-json\/wp\/v2\/pages\/12176","targetHints":{"allow":["GET"]}}],"collection":[{"href":"https:\/\/peifibrefestival.com\/fr\/wp-json\/wp\/v2\/pages"}],"about":[{"href":"https:\/\/peifibrefestival.com\/fr\/wp-json\/wp\/v2\/types\/page"}],"author":[{"embeddable":true,"href":"https:\/\/peifibrefestival.com\/fr\/wp-json\/wp\/v2\/users\/1"}],"replies":[{"embeddable":true,"href":"https:\/\/peifibrefestival.com\/fr\/wp-json\/wp\/v2\/comments?post=12176"}],"version-history":[{"count":5,"href":"https:\/\/peifibrefestival.com\/fr\/wp-json\/wp\/v2\/pages\/12176\/revisions"}],"predecessor-version":[{"id":12317,"href":"https:\/\/peifibrefestival.com\/fr\/wp-json\/wp\/v2\/pages\/12176\/revisions\/12317"}],"wp:attachment":[{"href":"https:\/\/peifibrefestival.com\/fr\/wp-json\/wp\/v2\/media?parent=12176"}],"curies":[{"name":"wp","href":"https:\/\/api.w.org\/{rel}","templated":true}]}}